{"id":94,"date":"2020-05-17T17:28:16","date_gmt":"2020-05-17T15:28:16","guid":{"rendered":"https:\/\/lk.regionalnidobrovolnickecentrum.cz\/subdom\/lk\/?page_id=94"},"modified":"2022-01-23T19:14:07","modified_gmt":"2022-01-23T18:14:07","slug":"sluzby","status":"publish","type":"page","link":"https:\/\/lk.regionalnidobrovolnickecentrum.cz\/subdom\/lk\/sluzby\/","title":{"rendered":"Slu\u017eby"},"content":{"rendered":"<p><strong>C\u00edlem Region\u00e1ln\u00edho dobrovolnick\u00e9ho centra je propojovat dobrovoln\u00edky s&nbsp;organizacemi, kter\u00e9 jejich pomoc pot\u0159ebuj\u00ed.<\/strong><\/p>\n<p>Na\u0161\u00edm z\u00e1m\u011brem je, aby \u017e\u00e1dn\u00e1 pomoc nezapadla, ale naopak se dostala p\u0159esn\u011b k&nbsp;tomu, kdo ji pot\u0159ebuje nejv\u00edce. Z&nbsp;toho d\u016fvodu vedeme podrobnou <a href=\"https:\/\/lk.regionalnidobrovolnickecentrum.cz\/all-listings\/\">datab\u00e1zi organizac\u00ed a program\u016f<\/a>, kter\u00e9 dobrovolnickou pomoc vyhled\u00e1vaj\u00ed nebo nab\u00edz\u00ed. Stejn\u011b tak neust\u00e1le dopl\u0148ujeme datab\u00e1zi z\u00e1jemc\u016f o dobrovolnictv\u00ed. Na z\u00e1klad\u011b preferenc\u00ed dobrovoln\u00edk\u016f a po\u017eadavk\u016f jednotliv\u00fdch organizac\u00ed n\u00e1sledn\u011b pom\u00e1h\u00e1me domluvit spolupr\u00e1ci, kter\u00e1 bude obohacuj\u00edc\u00ed jak pro organizaci, tak pro samotn\u00e9ho dobrovoln\u00edka.<\/p>\n<p><strong>Aktu\u00e1ln\u00ed stav datab\u00e1ze podle okres\u016f Libereck\u00e9ho kraje, kde je dobrovolnictv\u00ed realizov\u00e1no<\/strong>:<\/p>\n<!-- directorist-shortcode:: [directorist_all_locations] --><div id=\"directorist\" class=\"atbd_wrapper directorist-w-100\">\r\n\t\t<div class=\"directorist-container-fluid\">\r\n\t<div class=\"atbdp atbdp-categories atbdp-text-list\">\r\n\t\t<div class=\"directorist-row atbdp-no-margin\">\r\n\t\t\t\t\t\t\t\t<div class=\"directorist-col-12\">\r\n\t\t\t\t\t\t<div class=\"atbd_category_wrapper\">\r\n\t\t\t\t\t\t\t<a href=\"https:\/\/lk.regionalnidobrovolnickecentrum.cz\/subdom\/lk\/single-location\/turnov\/\"><span>Turnov<\/span> (3)<\/a>\t\t\t\t\t\t\t\t\t\t\t\t\t<\/div>\r\n\t\t\t\t\t<\/div>\r\n\t\t\t\t\t\t\t\t\t\t<div class=\"directorist-col-12\">\r\n\t\t\t\t\t\t<div class=\"atbd_category_wrapper\">\r\n\t\t\t\t\t\t\t<a href=\"https:\/\/lk.regionalnidobrovolnickecentrum.cz\/subdom\/lk\/single-location\/semily\/\"><span>Semily<\/span> (1)<\/a>\t\t\t\t\t\t\t\t\t\t\t\t\t<\/div>\r\n\t\t\t\t\t<\/div>\r\n\t\t\t\t\t\t\t\t\t\t<div class=\"directorist-col-12\">\r\n\t\t\t\t\t\t<div class=\"atbd_category_wrapper\">\r\n\t\t\t\t\t\t\t<a href=\"https:\/\/lk.regionalnidobrovolnickecentrum.cz\/subdom\/lk\/single-location\/liberec\/\"><span>Liberec<\/span> (17)<\/a>\t\t\t\t\t\t\t\t\t\t\t\t\t<\/div>\r\n\t\t\t\t\t<\/div>\r\n\t\t\t\t\t\t\t\t\t\t<div class=\"directorist-col-12\">\r\n\t\t\t\t\t\t<div class=\"atbd_category_wrapper\">\r\n\t\t\t\t\t\t\t<a href=\"https:\/\/lk.regionalnidobrovolnickecentrum.cz\/subdom\/lk\/single-location\/jablonec-nad-nisou\/\"><span>Jablonec nad Nisou<\/span> (5)<\/a>\t\t\t\t\t\t\t\t\t\t\t\t\t<\/div>\r\n\t\t\t\t\t<\/div>\r\n\t\t\t\t\t\t\t\t\t\t<div class=\"directorist-col-12\">\r\n\t\t\t\t\t\t<div class=\"atbd_category_wrapper\">\r\n\t\t\t\t\t\t\t<a href=\"https:\/\/lk.regionalnidobrovolnickecentrum.cz\/subdom\/lk\/single-location\/ceska-lipa\/\"><span>\u010cesk\u00e1 L\u00edpa<\/span> (8)<\/a>\t\t\t\t\t\t\t\t\t\t\t\t\t<\/div>\r\n\t\t\t\t\t<\/div>\r\n\t\t\t\t\t\t\t\t\t\t<div class=\"directorist-col-12\">\r\n\t\t\t\t\t\t<div class=\"atbd_category_wrapper\">\r\n\t\t\t\t\t\t\t<a href=\"https:\/\/lk.regionalnidobrovolnickecentrum.cz\/subdom\/lk\/single-location\/jicin\/\"><span>Ji\u010d\u00edn<\/span> (1)<\/a>\t\t\t\t\t\t\t\t\t\t\t\t\t<\/div>\r\n\t\t\t\t\t<\/div>\r\n\t\t\t\t\t\t\t\t\t\t<div class=\"directorist-col-12\">\r\n\t\t\t\t\t\t<div class=\"atbd_category_wrapper\">\r\n\t\t\t\t\t\t\t<a href=\"https:\/\/lk.regionalnidobrovolnickecentrum.cz\/subdom\/lk\/single-location\/novy-bor\/\"><span>Nov\u00fd Bor<\/span> (3)<\/a>\t\t\t\t\t\t\t\t\t\t\t\t\t<\/div>\r\n\t\t\t\t\t<\/div>\r\n\t\t\t\t\t\t\t\t\t\t<div class=\"directorist-col-12\">\r\n\t\t\t\t\t\t<div class=\"atbd_category_wrapper\">\r\n\t\t\t\t\t\t\t<a href=\"https:\/\/lk.regionalnidobrovolnickecentrum.cz\/subdom\/lk\/single-location\/doksy\/\"><span>Doksy<\/span> (1)<\/a>\t\t\t\t\t\t\t\t\t\t\t\t\t<\/div>\r\n\t\t\t\t\t<\/div>\r\n\t\t\t\t\t\t\t\t\t\t<div class=\"directorist-col-12\">\r\n\t\t\t\t\t\t<div class=\"atbd_category_wrapper\">\r\n\t\t\t\t\t\t\t<a href=\"https:\/\/lk.regionalnidobrovolnickecentrum.cz\/subdom\/lk\/single-location\/jindrichovice-pod-smrkem\/\"><span>Jind\u0159ichovice pod Smrkem<\/span> (1)<\/a>\t\t\t\t\t\t\t\t\t\t\t\t\t<\/div>\r\n\t\t\t\t\t<\/div>\r\n\t\t\t\t\t\t\t\t\t\t<div class=\"directorist-col-12\">\r\n\t\t\t\t\t\t<div class=\"atbd_category_wrapper\">\r\n\t\t\t\t\t\t\t<a href=\"https:\/\/lk.regionalnidobrovolnickecentrum.cz\/subdom\/lk\/single-location\/liberecky-kraj\/\"><span>Libereck\u00fd kraj<\/span> (3)<\/a>\t\t\t\t\t\t\t\t\t\t\t\t\t<\/div>\r\n\t\t\t\t\t<\/div>\r\n\t\t\t\t\t\t\t\t\t\t<div class=\"directorist-col-12\">\r\n\t\t\t\t\t\t<div class=\"atbd_category_wrapper\">\r\n\t\t\t\t\t\t\t<a href=\"https:\/\/lk.regionalnidobrovolnickecentrum.cz\/subdom\/lk\/single-location\/jestrebi\/\"><span>Jest\u0159eb\u00ed<\/span> (1)<\/a>\t\t\t\t\t\t\t\t\t\t\t\t\t<\/div>\r\n\t\t\t\t\t<\/div>\r\n\t\t\t\t\t\t\t<\/div>\r\n\t<\/div>\r\n\t<\/div>\r\n\t<\/div>\n<p>&nbsp;<\/p>\n<p>Na na\u0161em webu informujeme o novink\u00e1ch z&nbsp;oblasti dobrovolnictv\u00ed v&nbsp;kraji, upozor\u0148ujeme na aktu\u00e1ln\u00ed dobrovolnick\u00e9 v\u00fdzvy a mo\u017enosti, jak se zapojit. Nezapom\u00edn\u00e1me informovat o p\u0159\u00edpadn\u00fdch legislativn\u00edch zm\u011bn\u00e1ch i o dota\u010dn\u00edch p\u0159\u00edle\u017eitostech v&nbsp;oblasti dobrovolnictv\u00ed.<\/p>\n<p><strong>P\u0159e\u010dt\u011bte si<\/strong> <a href=\"https:\/\/lk.regionalnidobrovolnickecentrum.cz\/subdom\/lk\/category\/aktuality\/\">aktuality<\/a> ze sv\u011bta dobrovolnictv\u00ed, <strong>pod\u00edvejte se<\/strong> na zaj\u00edmav\u00e9 <a href=\"https:\/\/lk.regionalnidobrovolnickecentrum.cz\/subdom\/lk\/category\/udalosti\/\">ud\u00e1losti<\/a>.<\/p>\n<p>&nbsp;<\/p>\n\n\n<p>&nbsp;<\/p>\n<p><a href=\"https:\/\/lk.regionalnidobrovolnickecentrum.cz\/all-listings\/\"><img loading=\"lazy\" decoding=\"async\" class=\"size-full wp-image-625 aligncenter\" src=\"https:\/\/lk.regionalnidobrovolnickecentrum.cz\/subdom\/lk\/wp-content\/uploads\/2020\/09\/databaze_7.jpg\" alt=\"\" width=\"900\" height=\"316\" srcset=\"https:\/\/lk.regionalnidobrovolnickecentrum.cz\/subdom\/lk\/wp-content\/uploads\/2020\/09\/databaze_7.jpg 900w, https:\/\/lk.regionalnidobrovolnickecentrum.cz\/subdom\/lk\/wp-content\/uploads\/2020\/09\/databaze_7-300x105.jpg 300w, https:\/\/lk.regionalnidobrovolnickecentrum.cz\/subdom\/lk\/wp-content\/uploads\/2020\/09\/databaze_7-768x270.jpg 768w\" sizes=\"(max-width: 900px) 100vw, 900px\" \/><\/a><\/p>\n<p>&nbsp;<\/p>\n<h4>Poradenstv\u00ed<\/h4>\n<p>Ud\u011blat prvn\u00ed krok nen\u00ed nikdy lehk\u00e9. R\u00e1di bychom proto podpo\u0159ili v\u0161echny, kdo se cht\u011bj\u00ed zapojit do ve\u0159ejn\u00e9ho d\u011bn\u00ed, ale boj\u00ed se, nebo nev\u011bd\u00ed, jak za\u010d\u00edt. Z\u00e1jemci o dobrovolnictv\u00ed se na n\u00e1s mohou kdykoliv obr\u00e1tit s prosbou o radu \u010di pomoc, a to bu\u010f e-mailem, telefonicky, nebo mohou p\u0159ij\u00edt osobn\u011b ve sjednan\u00e9m \u010dase do na\u0161\u00ed kancel\u00e1\u0159e v ulici \u017delezn\u00e1 253\/20, Liberec 1, 460 01.<\/p>\n<p><strong>Odborn\u00e9 poradenstv\u00ed<\/strong> nab\u00edz\u00edme i organizac\u00edm, kter\u00e9 hledaj\u00ed dobrovoln\u00edky pro sv\u016fj projekt. Do oblasti dobrovolnictv\u00ed nep\u0159ich\u00e1z\u00edme jako nov\u00e1\u010dci. S organizac\u00ed dobrovoln\u00edk\u016f m\u00e1me mnohaletou zku\u0161enost z \u010dinnosti v humanit\u00e1rn\u00ed organizaci ADRA, kter\u00e1 Region\u00e1ln\u00ed dobrovolnick\u00e9 centrum provozuje.<\/p>\n<p>Obracet se na n\u00e1s m\u016f\u017eete s&nbsp;ot\u00e1zkami na:<\/p>\n<ul style=\"font-size: 15px;\">\n<li>legislativn\u00ed \u00fapravy dobrovolnictv\u00ed a povinnosti z&nbsp;t\u00e9to legislativy vypl\u00fdvaj\u00edc\u00ed,<\/li>\n<li>akredita\u010dn\u00ed \u0159\u00edzen\u00ed Ministerstva vnitra,<\/li>\n<li>dotac\u00ed ministerstev pro oblast dobrovolnictv\u00ed,<\/li>\n<li>zalo\u017een\u00ed nov\u00e9 dobrovolnick\u00e9 organizace nebo nov\u00e9ho projektu\/programu organizace, kter\u00e9 se budou t\u00fdkat dobrovolnictv\u00ed.<\/li>\n<\/ul>\n<p>&nbsp;<\/p>\n<h4><a class=\"maxbutton-1 maxbutton maxbutton-aktuality\" href=\"https:\/\/lk.regionalnidobrovolnickecentrum.cz\/subdom\/lk\/poradna\/\"><span class='mb-text'>Poradna<\/span><\/a><\/h4>\n<p>&nbsp;<\/p>\n<h4>\u0160kolen\u00ed a semin\u00e1\u0159e<\/h4>\n<p>V r\u00e1mci na\u0161\u00ed \u010dinnosti nab\u00edz\u00edme i \u0161kolen\u00ed pro dobrovoln\u00edky i koordin\u00e1tory dobrovoln\u00edk\u016f, dobrovolnick\u00e9 organizace nebo pro kontaktn\u00ed osoby p\u0159ij\u00edmaj\u00edc\u00edch organizac\u00ed v kraji. ADRA v \u010cesk\u00e9 republice organizuje nejv\u011bt\u0161\u00ed s\u00ed\u0165 dobrovolnick\u00fdch center. V\u011b\u0159\u00edme proto, \u017ee na\u0161e zku\u0161enosti pomohou dobrovoln\u00edk\u016fm i organizac\u00edm, pro kter\u00e9 poskytujeme \u0161kolen\u00ed zdarma.<\/p>\n<p><strong>Co nab\u00edz\u00edme?<\/strong><\/p>\n<ol style=\"font-size: 15px;\">\n<li><strong>Poradenstv\u00ed pro z\u00e1jemce o dobrovolnictv\u00ed<\/strong>.<\/li>\n<li><strong>Poradenstv\u00ed pro organizace<\/strong> zab\u00fdvaj\u00edc\u00ed se dobrovolnictv\u00edm.<\/li>\n<li><strong>\u0160kolen\u00ed koordin\u00e1tor\u016f<\/strong> (aktu\u00e1ln\u00ed legislativa, dobrovolnictv\u00ed, pr\u00e1va a povinnosti dobrovoln\u00edk\u016f, komunikace s dobrovoln\u00edky, \u00favod do supervize, fundraising, republikov\u00e9 a krajsk\u00e9 koncepce rozvoje dobrovolnictv\u00ed, syndrom vyho\u0159en\u00ed, \u010derp\u00e1n\u00ed dotac\u00ed, vy\u00fa\u010dtov\u00e1n\u00ed, faktury, poji\u0161t\u011bn\u00ed, obsahy v\u00fdro\u010dn\u00edch zpr\u00e1v, pr\u00e1ce s webem a soci\u00e1ln\u00edmi s\u00edt\u011bmi, PR aktivity, event management).<\/li>\n<li><strong>\u0160kolen\u00ed dobrovoln\u00edk\u016f<\/strong> (pr\u00e1va a povinnosti dobrovoln\u00edk\u016f, popis mo\u017enost\u00ed dobrovolnictv\u00ed s&nbsp;p\u0159ehledem dobrovolnick\u00fdch organizac\u00ed a p\u0159\u00edle\u017eitost\u00ed k&nbsp;dobrovolnictv\u00ed v&nbsp;kraji, co od dobrovolnictv\u00ed o\u010dek\u00e1vat, syndrom vyho\u0159en\u00ed, \u00favod do supervize, sezn\u00e1men\u00ed s&nbsp;minim\u00e1ln\u00edmi standardy pr\u00e1ce s&nbsp;d\u011btmi a ml\u00e1de\u017e\u00ed, seniory, osobami zdravotn\u011b posti\u017een\u00fdm, men\u0161inami, p\u0159\u00edpadn\u011b dal\u0161\u00edmi skupinami obyvatel uveden\u00fdmi v \u00a7 2 z\u00e1kona o dobrovolnick\u00e9 slu\u017eb\u011b dle zam\u011b\u0159en\u00ed z\u00e1jmu dobrovoln\u00edk\u016f, event management, \u00favod do PR, \u00favod do fundraisingu).<\/li>\n<\/ol>\n<p>&nbsp;<\/p>\n<p><a href=\"https:\/\/lk.regionalnidobrovolnickecentrum.cz\/subdom\/lk\/wp-content\/uploads\/2021\/06\/Letacek_RDC_Liberecky_kraj.pdf\" target=\"_blank\" rel=\"noopener\"><strong>St\u00e1hn\u011bte si n\u00e1\u0161 informa\u010dn\u00ed let\u00e1k<\/strong> <\/a>(PDF k vytisknut\u00ed)<\/p>\n<p>&nbsp;<\/p>\n<div id=\"eo_fullcalendar_1_loading\" class=\"eo-fullcalendar-loading\" ><img decoding=\"async\" src=\"https:\/\/lk.regionalnidobrovolnickecentrum.cz\/subdom\/lk\/wp-content\/plugins\/event-organiser\/css\/images\/loading-image.gif\" class=\"eo-fullcalendar-loading-icon\" alt=\"Na\u010d\u00edt\u00e1m...\" \/> Na\u010d\u00edt\u00e1m...<\/div><div class=\"eo-fullcalendar eo-fullcalendar-shortcode eo-fullcalendar-reset eo-fullcalendar-responsive\" id=\"eo_fullcalendar_1\"><\/div>\n<p>&nbsp;<\/p>\n<p>&nbsp;<\/p>\n<h4>Odkazy<\/h4>\n<ul>\n<li><a href=\"https:\/\/adra.cz\/\" target=\"_blank\" rel=\"noopener\">ADRA, o.p.s.<\/a><\/li>\n<li><a href=\"https:\/\/www.adra.cz\/dobrovolnictvi\/liberec\/o-nas\" target=\"_blank\" rel=\"noopener\">Dobrovolnick\u00e9 centrum ADRA Liberec<\/a><\/li>\n<li><a href=\"https:\/\/www.mvcr.cz\/clanek\/dobrovolnicka-sluzba-500539.aspx\" target=\"_blank\" rel=\"noopener\">Ministerstvo vnitra \u010cR<\/a> \u2013 z\u00e1kladn\u00ed informace o dobrovolnick\u00e9 slu\u017eb\u011b<\/li>\n<li><a href=\"https:\/\/dobrovolnik.net\/\" target=\"_blank\" rel=\"noopener\">Dobrovolnik.net<\/a> &#8211; web o dobrovolnictv\u00ed spravovan\u00fd Odborem prevence kriminality MV \u010cR<\/li>\n<li><a href=\"https:\/\/www.dobrovolnik.cz\/\" target=\"_blank\" rel=\"noopener\">Dobrovolnik.cz<\/a> \u2013 informace o dobrovolnictv\u00ed v republice<\/li>\n<\/ul>\n<p><strong>Odkazy na dal\u0161\u00ed Region\u00e1ln\u00ed dobrovolnick\u00e1 centra<\/strong> v \u010cesk\u00e9 republice najdete v sekci <a href=\"https:\/\/lk.regionalnidobrovolnickecentrum.cz\/subdom\/lk\/kontakty\/\">Kontakty<\/a>.<\/p>\n<h4 class=\"page-default__title\">&nbsp;<\/h4>\n<h4>Chcete od n\u00e1s dost\u00e1vat u\u017eite\u010dn\u00e9 informace e-mailem?<\/h4>\n<p>[newsletter_form button_label=&#8221;M\u00e1m z\u00e1jem o novinky&#8221;]<br \/>\n[newsletter_field name=&#8221;email&#8221; label=&#8221;V\u00e1\u0161 e-mail&#8221;]<br \/>\n[newsletter_field name=&#8221;first_name&#8221; label=&#8221;Va\u0161e jm\u00e9no&#8221;]<br \/>\n[\/newsletter_form]<\/p>\n<p>&nbsp;<\/p>\n<p>&nbsp;<\/p>\n","protected":false},"excerpt":{"rendered":"<p>C\u00edlem Region\u00e1ln\u00edho dobrovolnick\u00e9ho centra je propojovat dobrovoln\u00edky s&nbsp;organizacemi, kter\u00e9 jejich pomoc pot\u0159ebuj\u00ed. Na\u0161\u00edm z\u00e1m\u011brem je, aby \u017e\u00e1dn\u00e1 pomoc nezapadla, ale<\/p>\n","protected":false},"author":1,"featured_media":0,"parent":0,"menu_order":4,"comment_status":"closed","ping_status":"closed","template":"","meta":{"om_disable_all_campaigns":false,"_monsterinsights_skip_tracking":false,"_monsterinsights_sitenote_active":false,"_monsterinsights_sitenote_note":"","_monsterinsights_sitenote_category":0,"footnotes":""},"aioseo_notices":[],"_links":{"self":[{"href":"https:\/\/lk.regionalnidobrovolnickecentrum.cz\/subdom\/lk\/wp-json\/wp\/v2\/pages\/94"}],"collection":[{"href":"https:\/\/lk.regionalnidobrovolnickecentrum.cz\/subdom\/lk\/wp-json\/wp\/v2\/pages"}],"about":[{"href":"https:\/\/lk.regionalnidobrovolnickecentrum.cz\/subdom\/lk\/wp-json\/wp\/v2\/types\/page"}],"author":[{"embeddable":true,"href":"https:\/\/lk.regionalnidobrovolnickecentrum.cz\/subdom\/lk\/wp-json\/wp\/v2\/users\/1"}],"replies":[{"embeddable":true,"href":"https:\/\/lk.regionalnidobrovolnickecentrum.cz\/subdom\/lk\/wp-json\/wp\/v2\/comments?post=94"}],"version-history":[{"count":53,"href":"https:\/\/lk.regionalnidobrovolnickecentrum.cz\/subdom\/lk\/wp-json\/wp\/v2\/pages\/94\/revisions"}],"predecessor-version":[{"id":2202,"href":"https:\/\/lk.regionalnidobrovolnickecentrum.cz\/subdom\/lk\/wp-json\/wp\/v2\/pages\/94\/revisions\/2202"}],"wp:attachment":[{"href":"https:\/\/lk.regionalnidobrovolnickecentrum.cz\/subdom\/lk\/wp-json\/wp\/v2\/media?parent=94"}],"curies":[{"name":"wp","href":"https:\/\/api.w.org\/{rel}","templated":true}]}}